{"id":13452,"date":"2025-03-15T07:40:40","date_gmt":"2025-03-15T07:40:40","guid":{"rendered":"https:\/\/maxcampbox.com\/?post_type=product&#038;p=13452"},"modified":"2025-03-15T08:19:02","modified_gmt":"2025-03-15T08:19:02","slug":"matelas-sur-mesure-pour-van-amenage-et-camping-car","status":"publish","type":"product","link":"https:\/\/maxcampbox.com\/en\/produit\/matelas-sur-mesure-pour-van-amenage-et-camping-car\/","title":{"rendered":"Matelas Sur-Mesure pour Van Am\u00e9nag\u00e9 et Camping Car"},"content":{"rendered":"<div id=\"fws_67d52c34f0104\" class=\"wpb_row vc_row-fluid vc_row \" data-column-margin=\"default\" data-midnight=\"dark\">\n<div class=\"row_col_wrap_12 col span_12 dark left\">\n<div class=\"vc_col-sm-12 wpb_column column_container vc_column_container col no-extra-padding inherit_tablet inherit_phone \" data-padding-pos=\"all\" data-has-bg-color=\"false\" data-bg-color=\"\" data-bg-opacity=\"1\" data-animation=\"\" data-delay=\"0\">\n<div class=\"vc_column-inner\">\n<div class=\"wpb_wrapper\">\n<div class=\"wpb_text_column wpb_content_element \">\n<div class=\"wpb_wrapper\">\n<h2>Matelas Sur-Mesure pour Van Am\u00e9nag\u00e9 et Camping-Car<\/h2>\n<h3><\/h3>\n<h3>Personnalisez votre matelas \u00e0 votre van am\u00e9nag\u00e9<\/h3>\n<p>&nbsp;<\/p>\n<p>Optez pour\u00a0<strong>un matelas sur mesure<\/strong>\u00a0con\u00e7u pour s\u2019adapter parfaitement \u00e0 votre v\u00e9hicule et \u00e0 vos besoins. Que vous recherchiez\u00a0<strong>un mod\u00e8le pliable<\/strong>\u00a0ou\u00a0<strong>une forme sp\u00e9cifique<\/strong>\u00a0pour votre fourgon, nos solutions vous garantissent un confort optimal lors de vos escapades. Gr\u00e2ce \u00e0 une conception pens\u00e9e pour maximiser l\u2019espace et am\u00e9liorer votre exp\u00e9rience de voyage,\u00a0<strong>votre van am\u00e9nag\u00e9 devient un v\u00e9ritable cocon sur la route.<\/strong><\/p>\n<p>&nbsp;<\/p>\n<h3 data-start=\"0\" data-end=\"64\"><strong data-start=\"0\" data-end=\"62\">Quelle densit\u00e9 choisir pour votre matelas de van am\u00e9nag\u00e9 ?<\/strong><\/h3>\n<p data-start=\"66\" data-end=\"219\">Pour un sommeil confortable en van am\u00e9nag\u00e9, le choix de la densit\u00e9 de mousse est essentiel. Nous proposons deux options adapt\u00e9es \u00e0 diff\u00e9rents besoins :<\/p>\n<h4 data-start=\"221\" data-end=\"265\"><strong data-start=\"225\" data-end=\"263\">Mousse de densit\u00e9 ferme \u2013 25 kg\/m\u00b3<\/strong><\/h4>\n<ul data-start=\"266\" data-end=\"463\">\n<li data-start=\"266\" data-end=\"356\"><strong data-start=\"268\" data-end=\"288\">Recommand\u00e9e pour<\/strong>\u00a0: Un usage occasionnel et ceux qui pr\u00e9f\u00e8rent une fermet\u00e9 mod\u00e9r\u00e9e.<\/li>\n<li data-start=\"357\" data-end=\"463\"><strong data-start=\"359\" data-end=\"379\">Caract\u00e9ristiques<\/strong>\u00a0: Offre un bon maintien tout en restant souple, id\u00e9ale pour un confort \u00e9quilibr\u00e9.<\/li>\n<\/ul>\n<h4 data-start=\"465\" data-end=\"515\"><strong data-start=\"469\" data-end=\"513\">Mousse de densit\u00e9 extra ferme \u2013 28 kg\/m\u00b3<\/strong><\/h4>\n<ul data-start=\"516\" data-end=\"727\">\n<li data-start=\"516\" data-end=\"615\"><strong data-start=\"518\" data-end=\"538\">Recommand\u00e9e pour<\/strong>\u00a0: Ceux qui recherchent un soutien plus ferme et une excellente durabilit\u00e9.<\/li>\n<li data-start=\"616\" data-end=\"727\"><strong data-start=\"618\" data-end=\"638\">Caract\u00e9ristiques<\/strong>\u00a0: R\u00e9sistante et durable, elle est parfaite pour les matelas fins et un usage r\u00e9gulier.<\/li>\n<\/ul>\n<p data-start=\"729\" data-end=\"853\" data-is-last-node=\"\" data-is-only-node=\"\">Gr\u00e2ce \u00e0 ces deux options, vous pouvez choisir le niveau de confort qui vous convient le mieux pour vos nuits en van am\u00e9nag\u00e9.<\/p>\n<h3><\/h3>\n<h3><strong>Quelle \u00e9paisseur choisir pour votre matelas de van am\u00e9nag\u00e9 sur mesure ?<\/strong><\/h3>\n<p>Si vous h\u00e9sitez sur l\u2019\u00e9paisseur id\u00e9ale pour votre matelas sur mesure, nous vous proposons une large gamme de tailles. Cependant, les plus populaires sont les \u00e9paisseurs suivantes : 5 cm, 8 cm, 10 cm et 12 cm.<\/p>\n<p>Ces dimensions sont sp\u00e9cialement s\u00e9lectionn\u00e9es pour offrir un confort optimal, selon vos besoins et l\u2019espace disponible dans votre van am\u00e9nag\u00e9.<\/p>\n<h3 data-start=\"0\" data-end=\"60\"><strong data-start=\"0\" data-end=\"58\">Le choix du tissu pour le matelas de votre van am\u00e9nag\u00e9<\/strong><\/h3>\n<p data-start=\"62\" data-end=\"261\">Lors de la s\u00e9lection du tissu pour votre matelas sur mesure, il est important de conna\u00eetre les caract\u00e9ristiques de chaque option. Nous proposons un tissu de haute qualit\u00e9 avec plusieurs avantages :<\/p>\n<ul data-start=\"263\" data-end=\"497\" data-is-last-node=\"\" data-is-only-node=\"\">\n<li data-start=\"263\" data-end=\"295\"><strong data-start=\"265\" data-end=\"276\">Mati\u00e8re<\/strong>\u00a0: 100% polyester<\/li>\n<li data-start=\"296\" data-end=\"497\" data-is-last-node=\"\"><strong data-start=\"298\" data-end=\"318\">Caract\u00e9ristiques<\/strong>\u00a0: Ce tissu est disponible dans une large gamme de couleurs et se distingue par sa grande r\u00e9sistance, ce qui le rend parfait pour une utilisation intensive dans votre van am\u00e9nag\u00e9.<\/li>\n<\/ul>\n<h4 data-start=\"0\" data-end=\"28\"><strong data-start=\"0\" data-end=\"28\">Entretien et maintenance<\/strong><\/h4>\n<p data-start=\"30\" data-end=\"291\">Nos tissus sont enti\u00e8rement lavables. Nous vous conseillons de les laver \u00e0 froid et sans essorage afin d\u2019\u00e9viter tout dommage. De plus, tous nos matelas sont d\u00e9houssables gr\u00e2ce \u00e0 des fermetures \u00e9clair lat\u00e9rales, ce qui simplifie leur entretien et leur nettoyage.<\/p>\n<p>&nbsp;<\/p>\n<h3>Matelas s\u00e9par\u00e9 ou cousu ensemble ?<\/h3>\n<p><strong>Les matelas s\u00e9par\u00e9s<\/strong>\u00a0offrent une flexibilit\u00e9 maximale, chacun pouvant \u00eatre utilis\u00e9 ind\u00e9pendamment pour s\u2019adapter \u00e0 l\u2019espace de votre van.<\/p>\n<p>Si vous pr\u00e9f\u00e9rez une surface de couchage continue, nous proposons \u00e9galement des\u00a0<strong>mod\u00e8les cousus entre eux<\/strong>, qui sont non seulement\u00a0<strong>unifi\u00e9s, mais aussi pliables<\/strong>, offrant ainsi une solution pratique et compacte pour vos d\u00e9placements. Le choix entre ces options d\u00e9pend de vos besoins et de l\u2019agencement de votre van.<\/p>\n<p data-start=\"53\" data-end=\"94\"><strong data-start=\"53\" data-end=\"94\">Comment savoir o\u00f9 indiquer les plis ?<\/strong><\/p>\n<p data-start=\"96\" data-end=\"434\" data-is-last-node=\"\" data-is-only-node=\"\">Il est important de sp\u00e9cifier dans quel sens vous souhaitez que votre matelas de van am\u00e9nag\u00e9 soit pli\u00e9. Voici \u00e0 quoi doit ressembler un matelas en trois parties lorsqu\u2019il est pli\u00e9 et comment vous devez l\u2019indiquer sur le plan.<\/p>\n<p><img loading=\"lazy\" decoding=\"async\" class=\"alignnone wp-image-12766 size-large\" src=\"http:\/\/maxcampbox.com\/wp-content\/uploads\/2025\/03\/plis-matelas-sur-mesure-1024x231.webp\" sizes=\"auto, (max-width: 1024px) 100vw, 1024px\" srcset=\"https:\/\/maxcampbox.com\/wp-content\/uploads\/2025\/03\/plis-matelas-sur-mesure-1024x231.webp 1024w, https:\/\/maxcampbox.com\/wp-content\/uploads\/2025\/03\/plis-matelas-sur-mesure-300x68.webp 300w, https:\/\/maxcampbox.com\/wp-content\/uploads\/2025\/03\/plis-matelas-sur-mesure-768x173.webp 768w, https:\/\/maxcampbox.com\/wp-content\/uploads\/2025\/03\/plis-matelas-sur-mesure-600x135.webp 600w, https:\/\/maxcampbox.com\/wp-content\/uploads\/2025\/03\/plis-matelas-sur-mesure.webp 1277w\" alt=\"\" width=\"1024\" height=\"231\" \/><\/p>\n<h3 data-start=\"100\" data-end=\"163\"><strong data-start=\"100\" data-end=\"163\">Comment r\u00e9aliser le croquis de mon matelas de van am\u00e9nag\u00e9 et \u00e0 qui l\u2019envoyer ?<\/strong><\/h3>\n<p>&nbsp;<\/p>\n<p>Vous devez nous envoyer votre\u00a0 demande ainsi que votre croquis par email \u00e0\u00a0<strong>maxcampbox@gmail.com.<\/strong><\/p>\n<p>Nous \u00e9tudierons rapidement la faisabilit\u00e9 de votre projet.<\/p>\n<p data-start=\"165\" data-end=\"415\">Il est essentiel que\u00a0<strong>le croquis de votre matelas sur mesure<\/strong>\u00a0inclut toutes les sp\u00e9cifications n\u00e9cessaires \u00e0 sa fabrication, telles\u00a0<strong>que la longueur, la largeur, les plis et les encoches<\/strong>. Suivez ces \u00e9tapes pour vous assurer que votre plan soit complet :<\/p>\n<ul data-start=\"417\" data-end=\"726\">\n<li data-start=\"417\" data-end=\"498\"><strong data-start=\"419\" data-end=\"437\">D\u00e9tails pr\u00e9cis<\/strong>\u00a0: Incluez toutes les mesures et caract\u00e9ristiques du matelas.<\/li>\n<li data-start=\"499\" data-end=\"726\"><strong data-start=\"501\" data-end=\"533\">Demande<\/strong>\u00a0: Si vous avez des questions, n\u2019h\u00e9sitez pas \u00e0 nous contacter par WhatsApp au 07.84.06.58.59 ou par e-mail \u00e0 l\u2019adresse suivante : maxcampbox@gmail.com<\/li>\n<\/ul>\n<p data-start=\"728\" data-end=\"929\" data-is-only-node=\"\" data-is-last-node=\"\"><strong data-start=\"728\" data-end=\"750\">Exemple de croquis<\/strong><br data-start=\"750\" data-end=\"753\" \/>Voici un exemple de croquis d\u2019un matelas sur mesure. Vous pouvez le dessiner sur papier et le photographier avec votre t\u00e9l\u00e9phone portable pour l\u2019envoyer par e-mail.<\/p>\n<\/div>\n<\/div>\n<\/div>\n<\/div>\n<\/div>\n<\/div>\n<\/div>\n<div id=\"fws_67d52c34f0b59\" class=\"wpb_row vc_row-fluid vc_row \" data-column-margin=\"default\" data-midnight=\"dark\">\n<div class=\"row-bg-wrap\" data-bg-animation=\"none\" data-bg-overlay=\"false\">\n<div class=\"inner-wrap\"><\/div>\n<\/div>\n<div class=\"row_col_wrap_12 col span_12 dark left\">\n<div class=\"vc_col-sm-4 wpb_column column_container vc_column_container col no-extra-padding inherit_tablet inherit_phone \" data-padding-pos=\"all\" data-has-bg-color=\"false\" data-bg-color=\"\" data-bg-opacity=\"1\" data-animation=\"\" data-delay=\"0\">\n<div class=\"vc_column-inner\">\n<div class=\"wpb_wrapper\">\n<div class=\"img-with-aniamtion-wrap \" data-max-width=\"100%\" data-max-width-mobile=\"default\" data-shadow=\"none\" data-animation=\"fade-in\">\n<div class=\"inner\">\n<div class=\"hover-wrap\">\n<div class=\"hover-wrap-inner\"><\/div>\n<div class=\"hover-wrap-inner\"><\/div>\n<div class=\"hover-wrap-inner\"><strong data-start=\"0\" data-end=\"51\">Comment et quand vais-je recevoir mon matelas ?<\/strong><\/div>\n<\/div>\n<\/div>\n<\/div>\n<\/div>\n<\/div>\n<\/div>\n<\/div>\n<\/div>\n<div id=\"fws_67d52c34f2871\" class=\"wpb_row vc_row-fluid vc_row \" data-column-margin=\"default\" data-midnight=\"dark\">\n<div class=\"row_col_wrap_12 col span_12 dark left\">\n<div class=\"vc_col-sm-12 wpb_column column_container vc_column_container col no-extra-padding inherit_tablet inherit_phone \" data-padding-pos=\"all\" data-has-bg-color=\"false\" data-bg-color=\"\" data-bg-opacity=\"1\" data-animation=\"\" data-delay=\"0\">\n<div class=\"vc_column-inner\">\n<div class=\"wpb_wrapper\">\n<div class=\"wpb_text_column wpb_content_element \">\n<div class=\"wpb_wrapper\">\n<p data-start=\"55\" data-end=\"194\">Le d\u00e9lai de fabrication de nos matelas sur mesure est de 2 \u00e0 3 semaines, \u00e0 partir de la r\u00e9ception et du paiement de votre commande.<\/p>\n<p data-start=\"196\" data-end=\"541\">Votre matelas sera exp\u00e9di\u00e9 enroul\u00e9 sous vide pour garantir une protection optimale. Il est important d\u2019ouvrir le paquet avec soin, en \u00e9vitant l\u2019utilisation d\u2019objets pointus tels que des ciseaux ou des couteaux qui pourraient endommager le matelas. Une fois ouvert, laissez-le reposer pendant 24 \u00e0 48 heures afin qu\u2019il reprenne sa forme initiale.<\/p>\n<h3 data-start=\"543\" data-end=\"591\"><strong data-start=\"543\" data-end=\"589\">Puis-je retourner mon matelas sur mesure ?<\/strong><\/h3>\n<p data-start=\"593\" data-end=\"773\" data-is-last-node=\"\" data-is-only-node=\"\">\u00c9tant donn\u00e9 que nos produits sont fabriqu\u00e9s sur mesure, ils ne sont pas retournables. Cependant, nous offrons une garantie contre les d\u00e9fauts de fabrication pour tous nos produits.<\/p>\n<\/div>\n<\/div>\n<\/div>\n<\/div>\n<\/div>\n<\/div>\n<\/div>\n","protected":false},"excerpt":{"rendered":"<ul>\n<li>Sur-Mesure<\/li>\n<li>Possibilit\u00e9 d&#8217;envoyer votre croquis<\/li>\n<li>Choix de la densit\u00e9 de mousse<\/li>\n<li>Choix de la couleur de housse<\/li>\n<li>D\u00e9lai 2 &#8211; 3 semaines<\/li>\n<\/ul>\n<p>Nous contacter \u00e0 maxcampbox@gmail.com pour un devis<\/p>\n","protected":false},"featured_media":13457,"comment_status":"open","ping_status":"closed","template":"","meta":{"_monsterinsights_skip_tracking":false,"_monsterinsights_sitenote_active":false,"_monsterinsights_sitenote_note":"","_monsterinsights_sitenote_category":0},"product_brand":[],"product_cat":[617],"product_tag":[],"class_list":{"0":"post-13452","1":"product","2":"type-product","3":"status-publish","4":"has-post-thumbnail","6":"product_cat-matelas-sur-mesure-pour-van-amenage-et-camping-car","8":"first","9":"instock","10":"taxable","11":"shipping-taxable","12":"product-type-simple"},"yoast_head":"<!-- This site is optimized with the Yoast SEO plugin v27.5 - https:\/\/yoast.com\/product\/yoast-seo-wordpress\/ -->\n<title>Matelas Sur-Mesure pour Van Am\u00e9nag\u00e9 et Camping Car - maxcampbox<\/title>\n<meta name=\"description\" content=\"Optez pour\u00a0un matelas sur mesure\u00a0con\u00e7u pour s\u2019adapter parfaitement \u00e0 votre v\u00e9hicule et \u00e0 vos besoins.\" \/>\n<meta name=\"robots\" content=\"index, follow, max-snippet:-1, max-image-preview:large, max-video-preview:-1\" \/>\n<link rel=\"canonical\" href=\"https:\/\/maxcampbox.com\/en\/produit\/matelas-sur-mesure-pour-van-amenage-et-camping-car\/\" \/>\n<meta property=\"og:locale\" content=\"en_US\" \/>\n<meta property=\"og:type\" content=\"article\" \/>\n<meta property=\"og:title\" content=\"Matelas Sur-Mesure pour Van Am\u00e9nag\u00e9 et Camping Car - maxcampbox\" \/>\n<meta property=\"og:description\" content=\"Optez pour\u00a0un matelas sur mesure\u00a0con\u00e7u pour s\u2019adapter parfaitement \u00e0 votre v\u00e9hicule et \u00e0 vos besoins.\" \/>\n<meta property=\"og:url\" content=\"https:\/\/maxcampbox.com\/en\/produit\/matelas-sur-mesure-pour-van-amenage-et-camping-car\/\" \/>\n<meta property=\"og:site_name\" content=\"maxcampbox\" \/>\n<meta property=\"article:modified_time\" content=\"2025-03-15T08:19:02+00:00\" \/>\n<meta property=\"og:image\" content=\"http:\/\/maxcampbox.com\/wp-content\/uploads\/2025\/03\/Matelas-Sur-Mesure-pour-Van-Amenage-et-Camping-Car-1.png\" \/>\n\t<meta property=\"og:image:width\" content=\"1080\" \/>\n\t<meta property=\"og:image:height\" content=\"1080\" \/>\n\t<meta property=\"og:image:type\" content=\"image\/png\" \/>\n<meta name=\"twitter:card\" content=\"summary_large_image\" \/>\n<meta name=\"twitter:label1\" content=\"Est. reading time\" \/>\n\t<meta name=\"twitter:data1\" content=\"5 minutes\" \/>\n<script type=\"application\/ld+json\" class=\"yoast-schema-graph\">{\"@context\":\"https:\\\/\\\/schema.org\",\"@graph\":[{\"@type\":\"WebPage\",\"@id\":\"https:\\\/\\\/maxcampbox.com\\\/en\\\/produit\\\/matelas-sur-mesure-pour-van-amenage-et-camping-car\\\/\",\"url\":\"https:\\\/\\\/maxcampbox.com\\\/en\\\/produit\\\/matelas-sur-mesure-pour-van-amenage-et-camping-car\\\/\",\"name\":\"Matelas Sur-Mesure pour Van Am\u00e9nag\u00e9 et Camping Car - maxcampbox\",\"isPartOf\":{\"@id\":\"https:\\\/\\\/maxcampbox.com\\\/en\\\/#website\"},\"primaryImageOfPage\":{\"@id\":\"https:\\\/\\\/maxcampbox.com\\\/en\\\/produit\\\/matelas-sur-mesure-pour-van-amenage-et-camping-car\\\/#primaryimage\"},\"image\":{\"@id\":\"https:\\\/\\\/maxcampbox.com\\\/en\\\/produit\\\/matelas-sur-mesure-pour-van-amenage-et-camping-car\\\/#primaryimage\"},\"thumbnailUrl\":\"https:\\\/\\\/maxcampbox.com\\\/wp-content\\\/uploads\\\/2025\\\/03\\\/Matelas-Sur-Mesure-pour-Van-Amenage-et-Camping-Car-1.png\",\"datePublished\":\"2025-03-15T07:40:40+00:00\",\"dateModified\":\"2025-03-15T08:19:02+00:00\",\"description\":\"Optez pour\u00a0un matelas sur mesure\u00a0con\u00e7u pour s\u2019adapter parfaitement \u00e0 votre v\u00e9hicule et \u00e0 vos besoins.\",\"breadcrumb\":{\"@id\":\"https:\\\/\\\/maxcampbox.com\\\/en\\\/produit\\\/matelas-sur-mesure-pour-van-amenage-et-camping-car\\\/#breadcrumb\"},\"inLanguage\":\"en-US\",\"potentialAction\":[{\"@type\":\"ReadAction\",\"target\":[\"https:\\\/\\\/maxcampbox.com\\\/en\\\/produit\\\/matelas-sur-mesure-pour-van-amenage-et-camping-car\\\/\"]}]},{\"@type\":\"ImageObject\",\"inLanguage\":\"en-US\",\"@id\":\"https:\\\/\\\/maxcampbox.com\\\/en\\\/produit\\\/matelas-sur-mesure-pour-van-amenage-et-camping-car\\\/#primaryimage\",\"url\":\"https:\\\/\\\/maxcampbox.com\\\/wp-content\\\/uploads\\\/2025\\\/03\\\/Matelas-Sur-Mesure-pour-Van-Amenage-et-Camping-Car-1.png\",\"contentUrl\":\"https:\\\/\\\/maxcampbox.com\\\/wp-content\\\/uploads\\\/2025\\\/03\\\/Matelas-Sur-Mesure-pour-Van-Amenage-et-Camping-Car-1.png\",\"width\":1080,\"height\":1080},{\"@type\":\"BreadcrumbList\",\"@id\":\"https:\\\/\\\/maxcampbox.com\\\/en\\\/produit\\\/matelas-sur-mesure-pour-van-amenage-et-camping-car\\\/#breadcrumb\",\"itemListElement\":[{\"@type\":\"ListItem\",\"position\":1,\"name\":\"Accueil\",\"item\":\"https:\\\/\\\/maxcampbox.com\\\/en\\\/\"},{\"@type\":\"ListItem\",\"position\":2,\"name\":\"Store\",\"item\":\"https:\\\/\\\/maxcampbox.com\\\/en\\\/shop\\\/\"},{\"@type\":\"ListItem\",\"position\":3,\"name\":\"Matelas Sur-Mesure pour Van Am\u00e9nag\u00e9 et Camping Car\"}]},{\"@type\":\"WebSite\",\"@id\":\"https:\\\/\\\/maxcampbox.com\\\/en\\\/#website\",\"url\":\"https:\\\/\\\/maxcampbox.com\\\/en\\\/\",\"name\":\"maxcampbox\",\"description\":\"Camping Box pour vans am\u00e9nag\u00e9s\",\"potentialAction\":[{\"@type\":\"SearchAction\",\"target\":{\"@type\":\"EntryPoint\",\"urlTemplate\":\"https:\\\/\\\/maxcampbox.com\\\/en\\\/?s={search_term_string}\"},\"query-input\":{\"@type\":\"PropertyValueSpecification\",\"valueRequired\":true,\"valueName\":\"search_term_string\"}}],\"inLanguage\":\"en-US\"}]}<\/script>\n<!-- \/ Yoast SEO plugin. -->","yoast_head_json":{"title":"Matelas Sur-Mesure pour Van Am\u00e9nag\u00e9 et Camping Car - maxcampbox","description":"Optez pour\u00a0un matelas sur mesure\u00a0con\u00e7u pour s\u2019adapter parfaitement \u00e0 votre v\u00e9hicule et \u00e0 vos besoins.","robots":{"index":"index","follow":"follow","max-snippet":"max-snippet:-1","max-image-preview":"max-image-preview:large","max-video-preview":"max-video-preview:-1"},"canonical":"https:\/\/maxcampbox.com\/en\/produit\/matelas-sur-mesure-pour-van-amenage-et-camping-car\/","og_locale":"en_US","og_type":"article","og_title":"Matelas Sur-Mesure pour Van Am\u00e9nag\u00e9 et Camping Car - maxcampbox","og_description":"Optez pour\u00a0un matelas sur mesure\u00a0con\u00e7u pour s\u2019adapter parfaitement \u00e0 votre v\u00e9hicule et \u00e0 vos besoins.","og_url":"https:\/\/maxcampbox.com\/en\/produit\/matelas-sur-mesure-pour-van-amenage-et-camping-car\/","og_site_name":"maxcampbox","article_modified_time":"2025-03-15T08:19:02+00:00","og_image":[{"width":1080,"height":1080,"url":"http:\/\/maxcampbox.com\/wp-content\/uploads\/2025\/03\/Matelas-Sur-Mesure-pour-Van-Amenage-et-Camping-Car-1.png","type":"image\/png"}],"twitter_card":"summary_large_image","twitter_misc":{"Est. reading time":"5 minutes"},"schema":{"@context":"https:\/\/schema.org","@graph":[{"@type":"WebPage","@id":"https:\/\/maxcampbox.com\/en\/produit\/matelas-sur-mesure-pour-van-amenage-et-camping-car\/","url":"https:\/\/maxcampbox.com\/en\/produit\/matelas-sur-mesure-pour-van-amenage-et-camping-car\/","name":"Matelas Sur-Mesure pour Van Am\u00e9nag\u00e9 et Camping Car - maxcampbox","isPartOf":{"@id":"https:\/\/maxcampbox.com\/en\/#website"},"primaryImageOfPage":{"@id":"https:\/\/maxcampbox.com\/en\/produit\/matelas-sur-mesure-pour-van-amenage-et-camping-car\/#primaryimage"},"image":{"@id":"https:\/\/maxcampbox.com\/en\/produit\/matelas-sur-mesure-pour-van-amenage-et-camping-car\/#primaryimage"},"thumbnailUrl":"https:\/\/maxcampbox.com\/wp-content\/uploads\/2025\/03\/Matelas-Sur-Mesure-pour-Van-Amenage-et-Camping-Car-1.png","datePublished":"2025-03-15T07:40:40+00:00","dateModified":"2025-03-15T08:19:02+00:00","description":"Optez pour\u00a0un matelas sur mesure\u00a0con\u00e7u pour s\u2019adapter parfaitement \u00e0 votre v\u00e9hicule et \u00e0 vos besoins.","breadcrumb":{"@id":"https:\/\/maxcampbox.com\/en\/produit\/matelas-sur-mesure-pour-van-amenage-et-camping-car\/#breadcrumb"},"inLanguage":"en-US","potentialAction":[{"@type":"ReadAction","target":["https:\/\/maxcampbox.com\/en\/produit\/matelas-sur-mesure-pour-van-amenage-et-camping-car\/"]}]},{"@type":"ImageObject","inLanguage":"en-US","@id":"https:\/\/maxcampbox.com\/en\/produit\/matelas-sur-mesure-pour-van-amenage-et-camping-car\/#primaryimage","url":"https:\/\/maxcampbox.com\/wp-content\/uploads\/2025\/03\/Matelas-Sur-Mesure-pour-Van-Amenage-et-Camping-Car-1.png","contentUrl":"https:\/\/maxcampbox.com\/wp-content\/uploads\/2025\/03\/Matelas-Sur-Mesure-pour-Van-Amenage-et-Camping-Car-1.png","width":1080,"height":1080},{"@type":"BreadcrumbList","@id":"https:\/\/maxcampbox.com\/en\/produit\/matelas-sur-mesure-pour-van-amenage-et-camping-car\/#breadcrumb","itemListElement":[{"@type":"ListItem","position":1,"name":"Accueil","item":"https:\/\/maxcampbox.com\/en\/"},{"@type":"ListItem","position":2,"name":"Store","item":"https:\/\/maxcampbox.com\/en\/shop\/"},{"@type":"ListItem","position":3,"name":"Matelas Sur-Mesure pour Van Am\u00e9nag\u00e9 et Camping Car"}]},{"@type":"WebSite","@id":"https:\/\/maxcampbox.com\/en\/#website","url":"https:\/\/maxcampbox.com\/en\/","name":"maxcampbox","description":"Camping Box pour vans am\u00e9nag\u00e9s","potentialAction":[{"@type":"SearchAction","target":{"@type":"EntryPoint","urlTemplate":"https:\/\/maxcampbox.com\/en\/?s={search_term_string}"},"query-input":{"@type":"PropertyValueSpecification","valueRequired":true,"valueName":"search_term_string"}}],"inLanguage":"en-US"}]}},"_links":{"self":[{"href":"https:\/\/maxcampbox.com\/en\/wp-json\/wp\/v2\/product\/13452","targetHints":{"allow":["GET"]}}],"collection":[{"href":"https:\/\/maxcampbox.com\/en\/wp-json\/wp\/v2\/product"}],"about":[{"href":"https:\/\/maxcampbox.com\/en\/wp-json\/wp\/v2\/types\/product"}],"replies":[{"embeddable":true,"href":"https:\/\/maxcampbox.com\/en\/wp-json\/wp\/v2\/comments?post=13452"}],"wp:featuredmedia":[{"embeddable":true,"href":"https:\/\/maxcampbox.com\/en\/wp-json\/wp\/v2\/media\/13457"}],"wp:attachment":[{"href":"https:\/\/maxcampbox.com\/en\/wp-json\/wp\/v2\/media?parent=13452"}],"wp:term":[{"taxonomy":"product_brand","embeddable":true,"href":"https:\/\/maxcampbox.com\/en\/wp-json\/wp\/v2\/product_brand?post=13452"},{"taxonomy":"product_cat","embeddable":true,"href":"https:\/\/maxcampbox.com\/en\/wp-json\/wp\/v2\/product_cat?post=13452"},{"taxonomy":"product_tag","embeddable":true,"href":"https:\/\/maxcampbox.com\/en\/wp-json\/wp\/v2\/product_tag?post=13452"}],"curies":[{"name":"wp","href":"https:\/\/api.w.org\/{rel}","templated":true}]}}